{"id":822,"date":"2021-10-25T09:58:03","date_gmt":"2021-10-25T05:58:03","guid":{"rendered":"http:\/\/domounlaplaine.re\/?page_id=822"},"modified":"2023-02-09T17:01:43","modified_gmt":"2023-02-09T13:01:43","slug":"presse-tyroliennes","status":"publish","type":"page","link":"http:\/\/domounlaplaine.re\/?page_id=822","title":{"rendered":"presse tyroliennes"},"content":{"rendered":"\n<p>3 juillet 2019 communiqu\u00e9 <\/p>\n\n\n\n<p>Le cercle D\u00e9mocratique du Tampon tenait ce mercredi 3 juillet 2019 une conf\u00e9rence de presse relative au projet de construction des 10 tyroliennes sur le site du Piton Dugain \u00e0 la Plaine des Cafres.&nbsp;<\/p>\n\n\n\n<p><a href=\"https:\/\/www.zinfos974.com\/Piton-Dugain-10-tyroliennes-mais-ailleurs_a142158.html\">https:\/\/www.zinfos974.com\/Piton-Dugain-10-tyroliennes-mais-ailleurs_a142158.html<\/a><\/p>\n\n\n\n<p>JIT SEPT 2018 <\/p>\n\n\n\n<figure class=\"wp-block-image size-full\"><img loading=\"lazy\" decoding=\"async\" width=\"960\" height=\"466\" src=\"http:\/\/domounlaplaine.re\/wp-content\/uploads\/2021\/10\/jir-parcduvolcan.jpg\" alt=\"\" class=\"wp-image-977\" srcset=\"http:\/\/domounlaplaine.re\/wp-content\/uploads\/2021\/10\/jir-parcduvolcan.jpg 960w, http:\/\/domounlaplaine.re\/wp-content\/uploads\/2021\/10\/jir-parcduvolcan-300x146.jpg 300w, http:\/\/domounlaplaine.re\/wp-content\/uploads\/2021\/10\/jir-parcduvolcan-768x373.jpg 768w\" sizes=\"auto, (max-width: 960px) 100vw, 960px\" \/><\/figure>\n\n\n\n<figure class=\"wp-block-image size-large\"><img loading=\"lazy\" decoding=\"async\" width=\"1024\" height=\"754\" src=\"http:\/\/domounlaplaine.re\/wp-content\/uploads\/2021\/11\/tyrolienne-17-janv-20190003-1024x754.jpg\" alt=\"\" class=\"wp-image-1311\" srcset=\"http:\/\/domounlaplaine.re\/wp-content\/uploads\/2021\/11\/tyrolienne-17-janv-20190003-1024x754.jpg 1024w, http:\/\/domounlaplaine.re\/wp-content\/uploads\/2021\/11\/tyrolienne-17-janv-20190003-300x221.jpg 300w, http:\/\/domounlaplaine.re\/wp-content\/uploads\/2021\/11\/tyrolienne-17-janv-20190003-768x565.jpg 768w, http:\/\/domounlaplaine.re\/wp-content\/uploads\/2021\/11\/tyrolienne-17-janv-20190003-1536x1130.jpg 1536w, http:\/\/domounlaplaine.re\/wp-content\/uploads\/2021\/11\/tyrolienne-17-janv-20190003-2048x1507.jpg 2048w\" sizes=\"auto, (max-width: 1024px) 100vw, 1024px\" \/><\/figure>\n\n\n\n<div class=\"wp-block-file\"><a id=\"wp-block-file--media-e08e35e5-1995-4800-9994-06469798ef72\" href=\"http:\/\/domounlaplaine.re\/wp-content\/uploads\/2021\/11\/tyrolienne-17-janv-20190003-scaled.jpg\">tyrolienne 17 janv 20190003<\/a><a href=\"http:\/\/domounlaplaine.re\/wp-content\/uploads\/2021\/11\/tyrolienne-17-janv-20190003-scaled.jpg\" class=\"wp-block-file__button wp-element-button\" download aria-describedby=\"wp-block-file--media-e08e35e5-1995-4800-9994-06469798ef72\">T\u00e9l\u00e9charger<\/a><\/div>\n\n\n\n<p><a href=\"https:\/\/www.ipreunion.com\/actualites-reunion\/reportage\/2018\/09\/24\/en-mission-d-inspection-le-tampon-des-delegues-europeens-sur-le-terrain,91077.html\">https:\/\/www.ipreunion.com\/actualites-reunion\/reportage\/2018\/09\/24\/en-mission-d-inspection-le-tampon-des-delegues-europeens-sur-le-terrain,91077.html<\/a><\/p>\n\n\n\n<figure class=\"wp-block-image size-full\"><img loading=\"lazy\" decoding=\"async\" width=\"650\" height=\"365\" src=\"http:\/\/domounlaplaine.re\/wp-content\/uploads\/2021\/11\/delegation-europeenne-au-tampon.jpg\" alt=\"\" class=\"wp-image-1171\" srcset=\"http:\/\/domounlaplaine.re\/wp-content\/uploads\/2021\/11\/delegation-europeenne-au-tampon.jpg 650w, http:\/\/domounlaplaine.re\/wp-content\/uploads\/2021\/11\/delegation-europeenne-au-tampon-300x168.jpg 300w\" sizes=\"auto, (max-width: 650px) 100vw, 650px\" \/><\/figure>\n\n\n\n<p>4 JUILLET 2019 IMAZ PRESS\/<\/p>\n\n\n\n<p>https:\/\/www.ipreunion.com\/le-tampon-actualites\/reportage\/2019\/07\/04\/le-tampon-une-concertation-sur-le-projet-des-tyroliennes-a-la-plaine-des-cafres,104587.html<\/p>\n\n\n\n<div data-wp-interactive=\"core\/file\" class=\"wp-block-file\"><object data-wp-bind--hidden=\"!state.hasPdfPreview\" hidden class=\"wp-block-file__embed\" data=\"http:\/\/domounlaplaine.re\/wp-content\/uploads\/2021\/10\/IMAZPRESS-4-JUILLET-2019.pdf\" type=\"application\/pdf\" style=\"width:100%;height:600px\" aria-label=\"Contenu embarqu\u00e9 IMAZPRESS 4 JUILLET 2019.\"><\/object><a id=\"wp-block-file--media-2fe96d88-d7f1-429a-bc7a-776177825498\" href=\"http:\/\/domounlaplaine.re\/wp-content\/uploads\/2021\/10\/IMAZPRESS-4-JUILLET-2019.pdf\">IMAZPRESS 4 JUILLET 2019<\/a><a href=\"http:\/\/domounlaplaine.re\/wp-content\/uploads\/2021\/10\/IMAZPRESS-4-JUILLET-2019.pdf\" class=\"wp-block-file__button wp-element-button\" download aria-describedby=\"wp-block-file--media-2fe96d88-d7f1-429a-bc7a-776177825498\"><\/a><\/div>\n\n\n\n<p><a href=\"https:\/\/www.ipreunion.com\/le-tampon-actualites\/reportage\/2019\/07\/04\/le-tampon-une-concertation-sur-le-projet-des-tyroliennes-a-la-plaine-des-cafres,104587.html\">https:\/\/www.ipreunion.com\/le-tampon-actualites\/reportage\/2019\/07\/04\/le-tampon-une-concertation-sur-le-projet-des-tyroliennes-a-la-plaine-des-cafres,104587.html<\/a><\/p>\n\n\n\n<figure class=\"wp-block-image size-full\"><img loading=\"lazy\" decoding=\"async\" width=\"800\" height=\"533\" src=\"http:\/\/domounlaplaine.re\/wp-content\/uploads\/2021\/10\/reunion.jpg\" alt=\"\" class=\"wp-image-829\" srcset=\"http:\/\/domounlaplaine.re\/wp-content\/uploads\/2021\/10\/reunion.jpg 800w, http:\/\/domounlaplaine.re\/wp-content\/uploads\/2021\/10\/reunion-300x200.jpg 300w, http:\/\/domounlaplaine.re\/wp-content\/uploads\/2021\/10\/reunion-768x512.jpg 768w\" sizes=\"auto, (max-width: 800px) 100vw, 800px\" \/><\/figure>\n\n\n\n<p>http:\/\/citoyennedestpierre.viabloga.com\/news\/la-folie-des-grandeurs-au-tampon-ile-de-la-reunion<\/p>\n\n\n\n<div data-wp-interactive=\"core\/file\" class=\"wp-block-file\"><object data-wp-bind--hidden=\"!state.hasPdfPreview\" hidden class=\"wp-block-file__embed\" data=\"http:\/\/domounlaplaine.re\/wp-content\/uploads\/2021\/10\/acsp-juillet-2019-la-folie-des-grandeurs-au-tampon.pdf\" type=\"application\/pdf\" style=\"width:100%;height:600px\" aria-label=\"Contenu embarqu\u00e9 acsp juillet 2019 la folie des grandeurs au tampon.\"><\/object><a id=\"wp-block-file--media-d1afbdc8-44df-44fb-a885-a30c870eff88\" href=\"http:\/\/domounlaplaine.re\/wp-content\/uploads\/2021\/10\/acsp-juillet-2019-la-folie-des-grandeurs-au-tampon.pdf\">acsp juillet 2019 la folie des grandeurs au tampon<\/a><a href=\"http:\/\/domounlaplaine.re\/wp-content\/uploads\/2021\/10\/acsp-juillet-2019-la-folie-des-grandeurs-au-tampon.pdf\" class=\"wp-block-file__button wp-element-button\" download aria-describedby=\"wp-block-file--media-d1afbdc8-44df-44fb-a885-a30c870eff88\"><\/a><\/div>\n\n\n\n<figure class=\"wp-block-image size-full\"><img loading=\"lazy\" decoding=\"async\" width=\"399\" height=\"266\" src=\"http:\/\/domounlaplaine.re\/wp-content\/uploads\/2021\/10\/20190707_Dugain_4755_t.jpg\" alt=\"\" class=\"wp-image-833\" srcset=\"http:\/\/domounlaplaine.re\/wp-content\/uploads\/2021\/10\/20190707_Dugain_4755_t.jpg 399w, http:\/\/domounlaplaine.re\/wp-content\/uploads\/2021\/10\/20190707_Dugain_4755_t-300x200.jpg 300w\" sizes=\"auto, (max-width: 399px) 100vw, 399px\" \/><\/figure>\n\n\n\n<p><a href=\"https:\/\/reunion.orange.fr\/actu\/reunion\/une-concertation-sur-le-projet-des-tyroliennes-a-la-plaine-des-cafres.html\">https:\/\/reunion.orange.fr\/actu\/reunion\/une-concertation-sur-le-projet-des-tyroliennes-a-la-plaine-des-cafres.html<\/a><\/p>\n\n\n\n<p><a href=\"https:\/\/www.zinfos974.com\/Tampon-Bilan-positif-pour-la-concertation-prealable-du-projet-de-tyroliennes_a142676.html\">https:\/\/www.zinfos974.com\/Tampon-Bilan-positif-pour-la-concertation-prealable-du-projet-de-tyroliennes_a142676.html<\/a><\/p>\n\n\n\n<figure class=\"wp-block-image size-full\"><img loading=\"lazy\" decoding=\"async\" width=\"698\" height=\"393\" src=\"http:\/\/domounlaplaine.re\/wp-content\/uploads\/2021\/10\/35758142-32226331.jpg\" alt=\"\" class=\"wp-image-838\" srcset=\"http:\/\/domounlaplaine.re\/wp-content\/uploads\/2021\/10\/35758142-32226331.jpg 698w, http:\/\/domounlaplaine.re\/wp-content\/uploads\/2021\/10\/35758142-32226331-300x169.jpg 300w\" sizes=\"auto, (max-width: 698px) 100vw, 698px\" \/><\/figure>\n\n\n\n<figure class=\"wp-block-image size-full\"><img loading=\"lazy\" decoding=\"async\" width=\"2560\" height=\"1939\" src=\"http:\/\/domounlaplaine.re\/wp-content\/uploads\/2021\/11\/conseil-27-novembre-scaled.jpg\" alt=\"\" class=\"wp-image-1427\" srcset=\"http:\/\/domounlaplaine.re\/wp-content\/uploads\/2021\/11\/conseil-27-novembre-scaled.jpg 2560w, http:\/\/domounlaplaine.re\/wp-content\/uploads\/2021\/11\/conseil-27-novembre-300x227.jpg 300w\" sizes=\"auto, (max-width: 2560px) 100vw, 2560px\" \/><figcaption class=\"wp-element-caption\">jir du 27 nov 2021 <br><br><br><br>On parle de bilan d\u2019\u00e9tudes, de rapports et d\u2019autorisations&nbsp;!!!!!!! on va les chercher<\/figcaption><\/figure>\n\n\n\n<p>tribune libre de domoun la plaine \u00e0 la presse 13 d\u00e9c 2021<\/p>\n\n\n\n<p><a href=\"https:\/\/www.zinfos974.com\/Parc-du-volcan%C2%A0-10-tyroliennes-pour-2-707-838-84-euros%C2%A0_a176678.html\">https:\/\/www.zinfos974.com\/Parc-du-volcan%C2%A0-10-tyroliennes-pour-2-707-838-84-euros%C2%A0_a176678.html<\/a><\/p>\n\n\n\n<p><strong>23 janvier 2022 ; manifestation 27 eme champ de foire <\/strong> article zinfo 974<\/p>\n\n\n\n<p><a href=\"https:\/\/www.zinfos974.com\/Plaine-des-Cafres-Domoun-La-Plaine-manifeste-contre-les-tyroliennes-du-Parc-du-Volcan_a178126.html\">https:\/\/www.zinfos974.com\/Plaine-des-Cafres-Domoun-La-Plaine-manifeste-contre-les-tyroliennes-du-Parc-du-Volcan_a178126.html<\/a><\/p>\n\n\n\n<p>quotidien24 jav 2022 suite manif<\/p>\n\n\n\n<figure class=\"wp-block-image size-large\"><img loading=\"lazy\" decoding=\"async\" width=\"1024\" height=\"638\" src=\"http:\/\/domounlaplaine.re\/wp-content\/uploads\/2022\/01\/quotidien-24-janvier-202210005-1024x638.jpg\" alt=\"\" class=\"wp-image-1665\" srcset=\"http:\/\/domounlaplaine.re\/wp-content\/uploads\/2022\/01\/quotidien-24-janvier-202210005-1024x638.jpg 1024w, http:\/\/domounlaplaine.re\/wp-content\/uploads\/2022\/01\/quotidien-24-janvier-202210005-300x187.jpg 300w, http:\/\/domounlaplaine.re\/wp-content\/uploads\/2022\/01\/quotidien-24-janvier-202210005-768x478.jpg 768w, http:\/\/domounlaplaine.re\/wp-content\/uploads\/2022\/01\/quotidien-24-janvier-202210005-1536x956.jpg 1536w, http:\/\/domounlaplaine.re\/wp-content\/uploads\/2022\/01\/quotidien-24-janvier-202210005-2048x1275.jpg 2048w\" sizes=\"auto, (max-width: 1024px) 100vw, 1024px\" \/><\/figure>\n\n\n\n<figure class=\"wp-block-image size-full\"><img loading=\"lazy\" decoding=\"async\" width=\"720\" height=\"539\" src=\"http:\/\/domounlaplaine.re\/wp-content\/uploads\/2022\/02\/radio-sud-plus.jpg\" alt=\"\" class=\"wp-image-1789\" srcset=\"http:\/\/domounlaplaine.re\/wp-content\/uploads\/2022\/02\/radio-sud-plus.jpg 720w, http:\/\/domounlaplaine.re\/wp-content\/uploads\/2022\/02\/radio-sud-plus-300x225.jpg 300w\" sizes=\"auto, (max-width: 720px) 100vw, 720px\" \/><figcaption class=\"wp-element-caption\">radio sud plus vendredi 11 f\u00e9vrier 2022 , enregistrement suivra<\/figcaption><\/figure>\n\n\n\n<figure class=\"wp-block-image size-large\"><img loading=\"lazy\" decoding=\"async\" width=\"683\" height=\"1024\" src=\"http:\/\/domounlaplaine.re\/wp-content\/uploads\/2022\/03\/quotidien-7-mars-20220003-683x1024.jpg\" alt=\"\" class=\"wp-image-1814\" srcset=\"http:\/\/domounlaplaine.re\/wp-content\/uploads\/2022\/03\/quotidien-7-mars-20220003-683x1024.jpg 683w, http:\/\/domounlaplaine.re\/wp-content\/uploads\/2022\/03\/quotidien-7-mars-20220003-200x300.jpg 200w, http:\/\/domounlaplaine.re\/wp-content\/uploads\/2022\/03\/quotidien-7-mars-20220003-768x1152.jpg 768w, http:\/\/domounlaplaine.re\/wp-content\/uploads\/2022\/03\/quotidien-7-mars-20220003-1024x1536.jpg 1024w, http:\/\/domounlaplaine.re\/wp-content\/uploads\/2022\/03\/quotidien-7-mars-20220003-1365x2048.jpg 1365w, http:\/\/domounlaplaine.re\/wp-content\/uploads\/2022\/03\/quotidien-7-mars-20220003-scaled.jpg 1707w\" sizes=\"auto, (max-width: 683px) 100vw, 683px\" \/><\/figure>\n\n\n\n<figure class=\"wp-block-embed is-type-wp-embed is-provider-le-quotidien-de-la-reunion wp-block-embed-le-quotidien-de-la-reunion\"><div class=\"wp-block-embed__wrapper\">\n<blockquote class=\"wp-embedded-content\" data-secret=\"e9iEu6A4sf\"><a href=\"https:\/\/www.lequotidien.re\/courrier-des-lecteurs\/parc-du-volcan-tyroliennes-et-especes-protegees\/\">Parc du volcan, tyroliennes et esp\u00e8ces prot\u00e9g\u00e9es<\/a><\/blockquote><iframe loading=\"lazy\" class=\"wp-embedded-content\" sandbox=\"allow-scripts\" security=\"restricted\" style=\"position: absolute; clip: rect(1px, 1px, 1px, 1px);\" title=\"\u00ab\u00a0Parc du volcan, tyroliennes et esp\u00e8ces prot\u00e9g\u00e9es\u00a0\u00bb &#8212; Le Quotidien de la R\u00e9union\" src=\"https:\/\/www.lequotidien.re\/courrier-des-lecteurs\/parc-du-volcan-tyroliennes-et-especes-protegees\/embed\/#?secret=fuvstz29#?secret=e9iEu6A4sf\" data-secret=\"e9iEu6A4sf\" width=\"600\" height=\"338\" frameborder=\"0\" marginwidth=\"0\" marginheight=\"0\" scrolling=\"no\"><\/iframe>\n<\/div><\/figure>\n\n\n\n<p><strong><em> 9 mars 2022 lettre ouverte au maire du tampon <\/em><\/strong><\/p>\n\n\n\n<p><a href=\"https:\/\/www.zinfos974.com\/Parc-du-Volcan-L-association-Domoun-la-Plaine-veut-rencontrer-le-maire-du-Tampon_a180224.html\">https:\/\/www.zinfos974.com\/Parc-du-Volcan-L-association-Domoun-la-Plaine-veut-rencontrer-le-maire-du-Tampon_a180224.html<\/a><\/p>\n\n\n\n<p><strong>13 avril 2022 : lettre d\u00e9partement et mairie<\/strong><\/p>\n\n\n\n<p><a href=\"https:\/\/www.zinfos974.com\/Le-Tampon-le-Piton-Dugain-la-statue-de-la-Vierge-Marie-et-les-10-tyroliennes_a181574.html\">https:\/\/www.zinfos974.com\/Le-Tampon-le-Piton-Dugain-la-statue-de-la-Vierge-Marie-et-les-10-tyroliennes_a181574.html<\/a><\/p>\n\n\n\n<p><a href=\"https:\/\/www.alvinet.com\/similaires\/le-tampon-le-piton-dugain-la-statue-de-la-vierge-marie-et-les-10-tyroliennes\/61706941\">https:\/\/www.alvinet.com\/similaires\/le-tampon-le-piton-dugain-la-statue-de-la-vierge-marie-et-les-10-tyroliennes\/61706941<\/a><\/p>\n\n\n\n<figure class=\"wp-block-embed is-type-wp-embed is-provider-free-dom wp-block-embed-free-dom\"><div class=\"wp-block-embed__wrapper\">\n<blockquote class=\"wp-embedded-content\" data-secret=\"JdsSm4de7M\"><a href=\"https:\/\/freedom.fr\/domoun-la-plaine-lettre-ouverte-au-president-du-departement-et-au-maire-du-tampon\/\">DOMOUN LA PLAINE :LETTRE OUVERTE AU PRESIDENT DU DEPARTEMENT ET AU MAIRE DU TAMPON<\/a><\/blockquote><iframe loading=\"lazy\" class=\"wp-embedded-content\" sandbox=\"allow-scripts\" security=\"restricted\" style=\"position: absolute; clip: rect(1px, 1px, 1px, 1px);\" title=\"\u00ab\u00a0DOMOUN LA PLAINE :LETTRE OUVERTE AU PRESIDENT DU DEPARTEMENT ET AU MAIRE DU TAMPON\u00a0\u00bb &#8212; Free Dom\" src=\"https:\/\/freedom.fr\/domoun-la-plaine-lettre-ouverte-au-president-du-departement-et-au-maire-du-tampon\/embed\/#?secret=XTwZn5XS1B#?secret=JdsSm4de7M\" data-secret=\"JdsSm4de7M\" width=\"600\" height=\"338\" frameborder=\"0\" marginwidth=\"0\" marginheight=\"0\" scrolling=\"no\"><\/iframe>\n<\/div><\/figure>\n\n\n\n<p>28 avril 2022<\/p>\n\n\n\n<p><a href=\"https:\/\/www.zinfos974.com\/Tyroliennes-Lettre-ouverte-de-Domoun-La-Plaine-aux-elus-du-Departement_a182124.html\">https:\/\/www.zinfos974.com\/Tyroliennes-Lettre-ouverte-de-Domoun-La-Plaine-aux-elus-du-Departement_a182124.html<\/a><\/p>\n\n\n\n<p>13 MAI <\/p>\n\n\n\n<p>INTERVENTION JACO RTL LE 11 MAI 2022 TYROLIENNES CONSEIL GENERAL DUGAIN<\/p>\n\n\n\n<div class=\"wp-block-file\"><a id=\"wp-block-file--media-5bdbd115-143a-4d3d-b606-5938fe70db6f\" href=\"http:\/\/domounlaplaine.re\/wp-content\/uploads\/2022\/05\/RTL.mp4\">RTL<\/a><a href=\"http:\/\/domounlaplaine.re\/wp-content\/uploads\/2022\/05\/RTL.mp4\" class=\"wp-block-file__button wp-element-button\" download aria-describedby=\"wp-block-file--media-5bdbd115-143a-4d3d-b606-5938fe70db6f\">T\u00e9l\u00e9charger<\/a><\/div>\n\n\n\n<figure class=\"wp-block-embed is-type-video is-provider-youtube wp-block-embed-youtube wp-embed-aspect-16-9 wp-has-aspect-ratio\"><div class=\"wp-block-embed__wrapper\">\n<iframe loading=\"lazy\" title=\"LRLL  DOMOUN LA PLAINE\" width=\"640\" height=\"360\" src=\"https:\/\/www.youtube.com\/embed\/au2ikkC0kRY?feature=oembed\" frameborder=\"0\" allow=\"accelerometer; autoplay; clipboard-write; encrypted-media; gyroscope; picture-in-picture; web-share\" referrerpolicy=\"strict-origin-when-cross-origin\" allowfullscreen><\/iframe>\n<\/div><\/figure>\n\n\n\n<p>RFO 1ERE  ACTUALITES 20 MAI 2022 DUGAIN<\/p>\n\n\n\n<p><a href=\"https:\/\/www.facebook.com\/watch\/?v=686682329108043\">https:\/\/www.facebook.com\/watch\/?v=686682329108043<\/a><\/p>\n\n\n\n<p><a href=\"https:\/\/www.facebook.com\/reunionla1ere\/videos\/686682329108043\/\">https:\/\/www.facebook.com\/reunionla1ere\/videos\/686682329108043\/<\/a><\/p>\n\n\n\n<p><a href=\"https:\/\/la1ere.francetvinfo.fr\/reunion\/tampon\/parc-du-volcan-les-tyroliennes-du-piton-dugain-un-projet-ecocide-pour-les-opposants-1285744.html\">https:\/\/la1ere.francetvinfo.fr\/reunion\/tampon\/parc-du-volcan-les-tyroliennes-du-piton-dugain-un-projet-ecocide-pour-les-opposants-1285744.html<\/a><\/p>\n\n\n\n<p><a href=\"https:\/\/www.ipreunion.com\/actualites-reunion\/reportage\/2022\/05\/22\/tribune-libre-de-jacques-aulet-fete-de-la-nature-et-grands-projets-22-mai-2022,152348.html\">https:\/\/www.ipreunion.com\/actualites-reunion\/reportage\/2022\/05\/22\/tribune-libre-de-jacques-aulet-fete-de-la-nature-et-grands-projets-22-mai-2022,152348.html<\/a><\/p>\n\n\n\n<div data-wp-interactive=\"core\/file\" class=\"wp-block-file\"><object data-wp-bind--hidden=\"!state.hasPdfPreview\" hidden class=\"wp-block-file__embed\" data=\"http:\/\/domounlaplaine.re\/wp-content\/uploads\/2022\/05\/tribune-libre-fete-de-la-nature-mai-2022.pdf\" type=\"application\/pdf\" style=\"width:100%;height:600px\" aria-label=\"Contenu embarqu\u00e9 tribune libre f\u00eate de la nature mai 2022.\"><\/object><a id=\"wp-block-file--media-b3fad7da-de62-4d07-9506-d4c04590dfbd\" href=\"http:\/\/domounlaplaine.re\/wp-content\/uploads\/2022\/05\/tribune-libre-fete-de-la-nature-mai-2022.pdf\">tribune libre f\u00eate de la nature mai 2022<\/a><a href=\"http:\/\/domounlaplaine.re\/wp-content\/uploads\/2022\/05\/tribune-libre-fete-de-la-nature-mai-2022.pdf\" class=\"wp-block-file__button wp-element-button\" download aria-describedby=\"wp-block-file--media-b3fad7da-de62-4d07-9506-d4c04590dfbd\">T\u00e9l\u00e9charger<\/a><\/div>\n\n\n\n<p><a href=\"https:\/\/www.zinfos974.com\/Le-projet-des-10-tyroliennes-porte-par-la-Mairie-du-Tampon-va-porter-atteinte-au-Piton-Dugain_a182971.html\">https:\/\/www.zinfos974.com\/Le-projet-des-10-tyroliennes-porte-par-la-Mairie-du-Tampon-va-porter-atteinte-au-Piton-Dugain_a182971.html<\/a><\/p>\n\n\n\n<p>23 mai 2022 m\u00eame tribune courrier des lecteurs zinfo<\/p>\n\n\n\n<p><\/p>\n\n\n\n<p>conseil municipal du 27 mai 2022 quotidien <\/p>\n\n\n\n<div data-wp-interactive=\"core\/file\" class=\"wp-block-file\"><object data-wp-bind--hidden=\"!state.hasPdfPreview\" hidden class=\"wp-block-file__embed\" data=\"http:\/\/domounlaplaine.re\/wp-content\/uploads\/2022\/05\/quotidien-28-mai-2022-conseil-municipal.pdf\" type=\"application\/pdf\" style=\"width:100%;height:600px\" aria-label=\"Contenu embarqu\u00e9 quotidien 28 mai 2022 conseil municipal.\"><\/object><a id=\"wp-block-file--media-95457d59-913e-464e-8a96-825e3d7502b8\" href=\"http:\/\/domounlaplaine.re\/wp-content\/uploads\/2022\/05\/quotidien-28-mai-2022-conseil-municipal.pdf\">quotidien 28 mai 2022 conseil municipal<\/a><a href=\"http:\/\/domounlaplaine.re\/wp-content\/uploads\/2022\/05\/quotidien-28-mai-2022-conseil-municipal.pdf\" class=\"wp-block-file__button wp-element-button\" download aria-describedby=\"wp-block-file--media-95457d59-913e-464e-8a96-825e3d7502b8\">T\u00e9l\u00e9charger<\/a><\/div>\n\n\n\n<p><a href=\"https:\/\/www.zinfos974.com\/Tyroliennes-du-parc-du-Volcan-Les-dossiers-avancent_a183163.html\">https:\/\/www.zinfos974.com\/Tyroliennes-du-parc-du-Volcan-Les-dossiers-avancent_a183163.html<\/a><\/p>\n\n\n\n<div data-wp-interactive=\"core\/file\" class=\"wp-block-file\"><object data-wp-bind--hidden=\"!state.hasPdfPreview\" hidden class=\"wp-block-file__embed\" data=\"http:\/\/domounlaplaine.re\/wp-content\/uploads\/2022\/05\/ZINFO-974-A-la-Une.pdf\" type=\"application\/pdf\" style=\"width:100%;height:600px\" aria-label=\"Contenu embarqu\u00e9 ZINFO 974 A la Une.\"><\/object><a id=\"wp-block-file--media-bb4f8371-46a0-4005-bc82-32276912672b\" href=\"http:\/\/domounlaplaine.re\/wp-content\/uploads\/2022\/05\/ZINFO-974-A-la-Une.pdf\">ZINFO 974 A la Une<\/a><a href=\"http:\/\/domounlaplaine.re\/wp-content\/uploads\/2022\/05\/ZINFO-974-A-la-Une.pdf\" class=\"wp-block-file__button wp-element-button\" download aria-describedby=\"wp-block-file--media-bb4f8371-46a0-4005-bc82-32276912672b\">T\u00e9l\u00e9charger<\/a><\/div>\n\n\n\n<p>video antenne reunion 27 mai 2022<\/p>\n\n\n\n<p><a href=\"https:\/\/www.facebook.com\/GEELLEPAIX\/videos\/412812797167500\">https:\/\/www.facebook.com\/GEELLEPAIX\/videos\/412812797167500<\/a><\/p>\n\n\n\n<p>JIR 5 JUIN  CONSEIL MUNICIPAL 27 MAI <\/p>\n\n\n\n<div data-wp-interactive=\"core\/file\" class=\"wp-block-file\"><object data-wp-bind--hidden=\"!state.hasPdfPreview\" hidden class=\"wp-block-file__embed\" data=\"http:\/\/domounlaplaine.re\/wp-content\/uploads\/2022\/06\/jir-5-juin-2022-conseil-municipal.pdf\" type=\"application\/pdf\" style=\"width:100%;height:600px\" aria-label=\"Contenu embarqu\u00e9 jir 5 juin 2022 conseil municipal.\"><\/object><a id=\"wp-block-file--media-15a763e7-69a2-424b-b0b7-776d7a5bece9\" href=\"http:\/\/domounlaplaine.re\/wp-content\/uploads\/2022\/06\/jir-5-juin-2022-conseil-municipal.pdf\">jir 5 juin 2022 conseil municipal<\/a><a href=\"http:\/\/domounlaplaine.re\/wp-content\/uploads\/2022\/06\/jir-5-juin-2022-conseil-municipal.pdf\" class=\"wp-block-file__button wp-element-button\" download aria-describedby=\"wp-block-file--media-15a763e7-69a2-424b-b0b7-776d7a5bece9\">T\u00e9l\u00e9charger<\/a><\/div>\n\n\n\n<p>JIR 15 JUIN 2022<\/p>\n\n\n\n<figure class=\"wp-block-embed is-type-video is-provider-youtube wp-block-embed-youtube wp-embed-aspect-16-9 wp-has-aspect-ratio\"><div class=\"wp-block-embed__wrapper\">\n<iframe loading=\"lazy\" title=\"TYROLIENNES RTREUNION 30 MAI ACTUS 7H\" width=\"640\" height=\"360\" src=\"https:\/\/www.youtube.com\/embed\/apKcY1LoCZ8?feature=oembed\" frameborder=\"0\" allow=\"accelerometer; autoplay; clipboard-write; encrypted-media; gyroscope; picture-in-picture; web-share\" referrerpolicy=\"strict-origin-when-cross-origin\" allowfullscreen><\/iframe>\n<\/div><\/figure>\n\n\n\n<figure class=\"wp-block-image size-large\"><img loading=\"lazy\" decoding=\"async\" width=\"1024\" height=\"635\" src=\"http:\/\/domounlaplaine.re\/wp-content\/uploads\/2022\/06\/jir-15-juin-2022-mairie0017-1024x635.jpg\" alt=\"\" class=\"wp-image-2108\" srcset=\"http:\/\/domounlaplaine.re\/wp-content\/uploads\/2022\/06\/jir-15-juin-2022-mairie0017-1024x635.jpg 1024w, http:\/\/domounlaplaine.re\/wp-content\/uploads\/2022\/06\/jir-15-juin-2022-mairie0017-300x186.jpg 300w, http:\/\/domounlaplaine.re\/wp-content\/uploads\/2022\/06\/jir-15-juin-2022-mairie0017-768x477.jpg 768w, http:\/\/domounlaplaine.re\/wp-content\/uploads\/2022\/06\/jir-15-juin-2022-mairie0017-1536x953.jpg 1536w, http:\/\/domounlaplaine.re\/wp-content\/uploads\/2022\/06\/jir-15-juin-2022-mairie0017-2048x1271.jpg 2048w\" sizes=\"auto, (max-width: 1024px) 100vw, 1024px\" \/><figcaption class=\"wp-element-caption\">JIR 15 JUIN 2022<\/figcaption><\/figure>\n\n\n\n<p>QUOTIDIEN 15 JUIN <\/p>\n\n\n\n<figure class=\"wp-block-image size-large\"><img loading=\"lazy\" decoding=\"async\" width=\"594\" height=\"1024\" src=\"http:\/\/domounlaplaine.re\/wp-content\/uploads\/2022\/06\/QUOTIDIEN-15-MAI-2022-MAIRIE-594x1024.jpg\" alt=\"\" class=\"wp-image-2115\" srcset=\"http:\/\/domounlaplaine.re\/wp-content\/uploads\/2022\/06\/QUOTIDIEN-15-MAI-2022-MAIRIE-594x1024.jpg 594w, http:\/\/domounlaplaine.re\/wp-content\/uploads\/2022\/06\/QUOTIDIEN-15-MAI-2022-MAIRIE-174x300.jpg 174w, http:\/\/domounlaplaine.re\/wp-content\/uploads\/2022\/06\/QUOTIDIEN-15-MAI-2022-MAIRIE.jpg 743w\" sizes=\"auto, (max-width: 594px) 100vw, 594px\" \/><\/figure>\n\n\n\n<p>http:\/\/www.koafe.info\/controleur\/commentaire\/index.php?billets=5156#.Yqy-Cv1Bzcc<\/p>\n\n\n\n<p><\/p>\n\n\n\n<div data-wp-interactive=\"core\/file\" class=\"wp-block-file\"><object data-wp-bind--hidden=\"!state.hasPdfPreview\" hidden class=\"wp-block-file__embed\" data=\"http:\/\/domounlaplaine.re\/wp-content\/uploads\/2022\/06\/Koafe-VINCENT-DEFAUT.pdf\" type=\"application\/pdf\" style=\"width:100%;height:600px\" aria-label=\"Contenu embarqu\u00e9 Koaf\u00e9 VINCENT DEFAUT.\"><\/object><a id=\"wp-block-file--media-2e254454-1a0a-42f5-9875-10d502e6b358\" href=\"http:\/\/domounlaplaine.re\/wp-content\/uploads\/2022\/06\/Koafe-VINCENT-DEFAUT.pdf\">Koaf\u00e9 VINCENT DEFAUT<\/a><a href=\"http:\/\/domounlaplaine.re\/wp-content\/uploads\/2022\/06\/Koafe-VINCENT-DEFAUT.pdf\" class=\"wp-block-file__button wp-element-button\" download aria-describedby=\"wp-block-file--media-2e254454-1a0a-42f5-9875-10d502e6b358\">T\u00e9l\u00e9charger<\/a><\/div>\n\n\n\n<p>RFO 14 JUIN MAIRIE <\/p>\n\n\n\n<p><a href=\"https:\/\/www.facebook.com\/GEELLEPAIX\/videos\/725105351876138\">https:\/\/www.facebook.com\/GEELLEPAIX\/videos\/725105351876138<\/a><\/p>\n\n\n\n<p>RADIO SUD PLUS 21 JUIN 2022 <\/p>\n\n\n\n<p><a href=\"https:\/\/podcloud.fr\/podcast\/revuedepressealain\/episode\/la-revue-de-presse-interview-domon-la-plaine-j-point-aulet-plus-m-point-crochet-21-juin-22\">https:\/\/podcloud.fr\/podcast\/revuedepressealain\/episode\/la-revue-de-presse-interview-domon-la-plaine-j-point-aulet-plus-m-point-crochet-21-juin-22<\/a><\/p>\n\n\n\n<figure class=\"wp-block-image size-full\"><img loading=\"lazy\" decoding=\"async\" width=\"960\" height=\"540\" src=\"http:\/\/domounlaplaine.re\/wp-content\/uploads\/2022\/06\/radio-sud-plus.jpg\" alt=\"\" class=\"wp-image-2149\" srcset=\"http:\/\/domounlaplaine.re\/wp-content\/uploads\/2022\/06\/radio-sud-plus.jpg 960w, http:\/\/domounlaplaine.re\/wp-content\/uploads\/2022\/06\/radio-sud-plus-300x169.jpg 300w, http:\/\/domounlaplaine.re\/wp-content\/uploads\/2022\/06\/radio-sud-plus-768x432.jpg 768w\" sizes=\"auto, (max-width: 960px) 100vw, 960px\" \/><\/figure>\n\n\n\n<p>22 juin 2022 d\u00e9partement<\/p>\n\n\n\n<p><a href=\"https:\/\/www.ipreunion.com\/actualites-reunion\/reportage\/2022\/06\/22\/inquietudes-sur-la-denaturation-du-site-parc-du-volcan-l-association-domoun-la-plaine-mobilisee-devant-le-departement,153874.html\">https:\/\/www.ipreunion.com\/actualites-reunion\/reportage\/2022\/06\/22\/inquietudes-sur-la-denaturation-du-site-parc-du-volcan-l-association-domoun-la-plaine-mobilisee-devant-le-departement,153874.html<\/a><\/p>\n\n\n\n<figure class=\"wp-block-image size-large\"><img loading=\"lazy\" decoding=\"async\" width=\"1024\" height=\"738\" src=\"http:\/\/domounlaplaine.re\/wp-content\/uploads\/2022\/06\/quotidien-23-juin-departement0002-1024x738.jpg\" alt=\"\" class=\"wp-image-2181\" srcset=\"http:\/\/domounlaplaine.re\/wp-content\/uploads\/2022\/06\/quotidien-23-juin-departement0002-1024x738.jpg 1024w, http:\/\/domounlaplaine.re\/wp-content\/uploads\/2022\/06\/quotidien-23-juin-departement0002-300x216.jpg 300w, http:\/\/domounlaplaine.re\/wp-content\/uploads\/2022\/06\/quotidien-23-juin-departement0002-768x554.jpg 768w, http:\/\/domounlaplaine.re\/wp-content\/uploads\/2022\/06\/quotidien-23-juin-departement0002-1536x1107.jpg 1536w, http:\/\/domounlaplaine.re\/wp-content\/uploads\/2022\/06\/quotidien-23-juin-departement0002-2048x1476.jpg 2048w\" sizes=\"auto, (max-width: 1024px) 100vw, 1024px\" \/><\/figure>\n\n\n\n<figure class=\"wp-block-image size-large\"><img loading=\"lazy\" decoding=\"async\" width=\"1024\" height=\"674\" src=\"http:\/\/domounlaplaine.re\/wp-content\/uploads\/2022\/06\/jir-23-juin-departement0011-1024x674.jpg\" alt=\"\" class=\"wp-image-2180\" srcset=\"http:\/\/domounlaplaine.re\/wp-content\/uploads\/2022\/06\/jir-23-juin-departement0011-1024x674.jpg 1024w, http:\/\/domounlaplaine.re\/wp-content\/uploads\/2022\/06\/jir-23-juin-departement0011-300x198.jpg 300w, http:\/\/domounlaplaine.re\/wp-content\/uploads\/2022\/06\/jir-23-juin-departement0011-768x506.jpg 768w, http:\/\/domounlaplaine.re\/wp-content\/uploads\/2022\/06\/jir-23-juin-departement0011-1536x1011.jpg 1536w, http:\/\/domounlaplaine.re\/wp-content\/uploads\/2022\/06\/jir-23-juin-departement0011-2048x1348.jpg 2048w\" sizes=\"auto, (max-width: 1024px) 100vw, 1024px\" \/><\/figure>\n\n\n\n<p><a href=\"https:\/\/www.clicanoo.re\/article\/societe\/2022\/06\/23\/domoun-la-plaine-soppose-au-projet-de-10-tyroliennes?fbclid=IwAR03GOqioG5XDfzsRBZkOJIZ4PtUgSLdq_WY31hyj2_e29hF1ZV1t5wM5UE\">https:\/\/www.clicanoo.re\/article\/societe\/2022\/06\/23\/domoun-la-plaine-soppose-au-projet-de-10-tyroliennes?fbclid=IwAR03GOqioG5XDfzsRBZkOJIZ4PtUgSLdq_WY31hyj2_e29hF1ZV1t5wM5UE<\/a><\/p>\n\n\n\n<figure class=\"wp-block-embed is-type-wp-embed is-provider-parallele-sud wp-block-embed-parallele-sud\"><div class=\"wp-block-embed__wrapper\">\nhttps:\/\/parallelesud.com\/le-maire-du-tampon-inquiete-ses-administres\/?fbclid=IwAR2-LxPDw5yUPjsFkZELVSQ3ddUJ9SLWbAkkiMTqIKmYHxGtRppxsHVRdAA\n<\/div><\/figure>\n\n\n\n<div data-wp-interactive=\"core\/file\" class=\"wp-block-file\"><object data-wp-bind--hidden=\"!state.hasPdfPreview\" hidden class=\"wp-block-file__embed\" data=\"http:\/\/domounlaplaine.re\/wp-content\/uploads\/2023\/01\/REPORTERRE.pdf\" type=\"application\/pdf\" style=\"width:100%;height:600px\" aria-label=\"Contenu embarqu\u00e9 REPORTERRE.\"><\/object><a id=\"wp-block-file--media-34af2ff3-1528-4ab2-a4ce-8dfb69d98b43\" href=\"http:\/\/domounlaplaine.re\/wp-content\/uploads\/2023\/01\/REPORTERRE.pdf\">REPORTERRE<\/a><a href=\"http:\/\/domounlaplaine.re\/wp-content\/uploads\/2023\/01\/REPORTERRE.pdf\" class=\"wp-block-file__button wp-element-button\" download aria-describedby=\"wp-block-file--media-34af2ff3-1528-4ab2-a4ce-8dfb69d98b43\">T\u00e9l\u00e9charger<\/a><\/div>\n\n\n\n<p><a href=\"https:\/\/www.zinfos974.com\/Le-projet-d-amenagement-du-Piton-Dugain-rejete_a191883.html\">https:\/\/www.zinfos974.com\/Le-projet-d-amenagement-du-Piton-Dugain-rejete_a191883.html<\/a><\/p>\n\n\n\n<p>TELEKREOL JANVIER 2023<\/p>\n\n\n\n<figure class=\"wp-block-embed is-type-video is-provider-youtube wp-block-embed-youtube wp-embed-aspect-16-9 wp-has-aspect-ratio\"><div class=\"wp-block-embed__wrapper\">\n<iframe loading=\"lazy\" title=\"LRLL DEMOUN LA PLAINE\" width=\"640\" height=\"360\" src=\"https:\/\/www.youtube.com\/embed\/sdB8cHQlRJI?feature=oembed\" frameborder=\"0\" allow=\"accelerometer; autoplay; clipboard-write; encrypted-media; gyroscope; picture-in-picture; web-share\" referrerpolicy=\"strict-origin-when-cross-origin\" allowfullscreen><\/iframe>\n<\/div><\/figure>\n","protected":false},"excerpt":{"rendered":"<p>3 juillet 2019 communiqu\u00e9 Le cercle D\u00e9mocratique du Tampon tenait ce mercredi 3 juillet 2019 une conf\u00e9rence de presse relative au projet de construction des 10 tyroliennes sur le site du Piton Dugain \u00e0 la Plaine des Cafres.&nbsp; https:\/\/www.zinfos974.com\/Piton-Dugain-10-tyroliennes-mais-ailleurs_a142158.html JIT SEPT 2018 https:\/\/www.ipreunion.com\/actualites-reunion\/reportage\/2018\/09\/24\/en-mission-d-inspection-le-tampon-des-delegues-europeens-sur-le-terrain,91077.html 4 JUILLET 2019 IMAZ PRESS\/ https:\/\/www.ipreunion.com\/le-tampon-actualites\/reportage\/2019\/07\/04\/le-tampon-une-concertation-sur-le-projet-des-tyroliennes-a-la-plaine-des-cafres,104587.html https:\/\/www.ipreunion.com\/le-tampon-actualites\/reportage\/2019\/07\/04\/le-tampon-une-concertation-sur-le-projet-des-tyroliennes-a-la-plaine-des-cafres,104587.html http:\/\/citoyennedestpierre.viabloga.com\/news\/la-folie-des-grandeurs-au-tampon-ile-de-la-reunion https:\/\/reunion.orange.fr\/actu\/reunion\/une-concertation-sur-le-projet-des-tyroliennes-a-la-plaine-des-cafres.html https:\/\/www.zinfos974.com\/Tampon-Bilan-positif-pour-la-concertation-prealable-du-projet-de-tyroliennes_a142676.html tribune libre [&hellip;]<\/p>\n","protected":false},"author":1,"featured_media":0,"parent":0,"menu_order":0,"comment_status":"closed","ping_status":"closed","template":"","meta":{"footnotes":""},"class_list":["post-822","page","type-page","status-publish","hentry"],"_links":{"self":[{"href":"http:\/\/domounlaplaine.re\/index.php?rest_route=\/wp\/v2\/pages\/822","targetHints":{"allow":["GET"]}}],"collection":[{"href":"http:\/\/domounlaplaine.re\/index.php?rest_route=\/wp\/v2\/pages"}],"about":[{"href":"http:\/\/domounlaplaine.re\/index.php?rest_route=\/wp\/v2\/types\/page"}],"author":[{"embeddable":true,"href":"http:\/\/domounlaplaine.re\/index.php?rest_route=\/wp\/v2\/users\/1"}],"replies":[{"embeddable":true,"href":"http:\/\/domounlaplaine.re\/index.php?rest_route=%2Fwp%2Fv2%2Fcomments&post=822"}],"version-history":[{"count":64,"href":"http:\/\/domounlaplaine.re\/index.php?rest_route=\/wp\/v2\/pages\/822\/revisions"}],"predecessor-version":[{"id":2570,"href":"http:\/\/domounlaplaine.re\/index.php?rest_route=\/wp\/v2\/pages\/822\/revisions\/2570"}],"wp:attachment":[{"href":"http:\/\/domounlaplaine.re\/index.php?rest_route=%2Fwp%2Fv2%2Fmedia&parent=822"}],"curies":[{"name":"wp","href":"https:\/\/api.w.org\/{rel}","templated":true}]}}